{"id":441,"date":"2025-08-19T16:57:04","date_gmt":"2025-08-19T16:57:04","guid":{"rendered":"https:\/\/institutdakini.com\/?page_id=441"},"modified":"2025-10-03T18:57:10","modified_gmt":"2025-10-03T18:57:10","slug":"retour-a-son-innocence","status":"publish","type":"page","link":"https:\/\/institutdakini.com\/en\/retour-a-son-innocence\/","title":{"rendered":"Retour \u00e0 son innocence"},"content":{"rendered":"<p>[et_pb_section fb_built=\u00a0\u00bb1&Prime; admin_label=\u00a0\u00bbHeader\u00a0\u00bb _builder_version=\u00a0\u00bb4.27.4&Prime; _module_preset=\u00a0\u00bbdefault\u00a0\u00bb use_background_color_gradient=\u00a0\u00bbon\u00a0\u00bb background_color_gradient_stops=\u00a0\u00bbrgba(0,0,0,0.5) 0%|rgba(0,0,0,0.5) 100%\u00a0\u00bb background_color_gradient_overlays_image=\u00a0\u00bbon\u00a0\u00bb background_image=\u00a0\u00bbhttps:\/\/institutdakini.com\/wp-content\/uploads\/2025\/08\/497823389_23880674214889873_9069874837885666342_n.jpg\u00a0\u00bb custom_padding=\u00a0\u00bb24vw||24vw||true|false\u00a0\u00bb da_disable_devices=\u00a0\u00bboff|off|off\u00a0\u00bb collapsed=\u00a0\u00bbon\u00a0\u00bb global_colors_info=\u00a0\u00bb{}\u00a0\u00bb da_is_popup=\u00a0\u00bboff\u00a0\u00bb da_exit_intent=\u00a0\u00bboff\u00a0\u00bb da_has_close=\u00a0\u00bbon\u00a0\u00bb da_alt_close=\u00a0\u00bboff\u00a0\u00bb da_dark_close=\u00a0\u00bboff\u00a0\u00bb da_not_modal=\u00a0\u00bbon\u00a0\u00bb da_is_singular=\u00a0\u00bboff\u00a0\u00bb da_with_loader=\u00a0\u00bboff\u00a0\u00bb da_has_shadow=\u00a0\u00bbon\u00a0\u00bb][et_pb_row _builder_version=\u00a0\u00bb4.20.0&Prime; _module_preset=\u00a0\u00bbdefault\u00a0\u00bb global_colors_info=\u00a0\u00bb{}\u00a0\u00bb][et_pb_column type=\u00a0\u00bb4_4&Prime; _builder_version=\u00a0\u00bb4.20.0&Prime; _module_preset=\u00a0\u00bbdefault\u00a0\u00bb global_colors_info=\u00a0\u00bb{}\u00a0\u00bb][et_pb_text _builder_version=\u00a0\u00bb4.27.4&Prime; _module_preset=\u00a0\u00bb46c3f90e-2039-4627-9743-c64167c43e00&Prime; header_4_text_color=\u00a0\u00bb#FFFFFF\u00a0\u00bb text_orientation=\u00a0\u00bbcenter\u00a0\u00bb global_colors_info=\u00a0\u00bb{}\u00a0\u00bb]<\/p>\n<h4>Dimanche, 26 octobre<\/h4>\n<p>[\/et_pb_text][et_pb_text _builder_version=\u00a0\u00bb4.27.4&Prime; _module_preset=\u00a0\u00bb3a4934cc-4a1b-4d5d-ab3f-7188081ab2c7&Prime; header_text_color=\u00a0\u00bb#FFFFFF\u00a0\u00bb text_orientation=\u00a0\u00bbcenter\u00a0\u00bb global_colors_info=\u00a0\u00bb{}\u00a0\u00bb]<\/p>\n<h1><span>Les Voies du Retour \u00e0 Soi\u00a0<\/span><\/h1>\n<p>[\/et_pb_text][\/et_pb_column][\/et_pb_row][\/et_pb_section][et_pb_section fb_built=\u00a0\u00bb1&Prime; admin_label=\u00a0\u00bbAbout\u00a0\u00bb _builder_version=\u00a0\u00bb4.27.4&Prime; _module_preset=\u00a0\u00bbdefault\u00a0\u00bb background_color=\u00a0\u00bbgcid-secondary-color\u00a0\u00bb custom_padding=\u00a0\u00bb||117px|||\u00a0\u00bb da_disable_devices=\u00a0\u00bboff|off|off\u00a0\u00bb collapsed=\u00a0\u00bbon\u00a0\u00bb global_colors_info=\u00a0\u00bb{%22gcid-secondary-color%22:%91%22background_color%22%93}\u00a0\u00bb da_is_popup=\u00a0\u00bboff\u00a0\u00bb da_exit_intent=\u00a0\u00bboff\u00a0\u00bb da_has_close=\u00a0\u00bbon\u00a0\u00bb da_alt_close=\u00a0\u00bboff\u00a0\u00bb da_dark_close=\u00a0\u00bboff\u00a0\u00bb da_not_modal=\u00a0\u00bbon\u00a0\u00bb da_is_singular=\u00a0\u00bboff\u00a0\u00bb da_with_loader=\u00a0\u00bboff\u00a0\u00bb da_has_shadow=\u00a0\u00bbon\u00a0\u00bb][et_pb_row column_structure=\u00a0\u00bb3_5,2_5&Prime; _builder_version=\u00a0\u00bb4.20.0&Prime; _module_preset=\u00a0\u00bbdefault\u00a0\u00bb custom_padding=\u00a0\u00bb35px||0px||false|false\u00a0\u00bb global_colors_info=\u00a0\u00bb{}\u00a0\u00bb][et_pb_column type=\u00a0\u00bb3_5&Prime; _builder_version=\u00a0\u00bb4.20.0&Prime; _module_preset=\u00a0\u00bbdefault\u00a0\u00bb global_colors_info=\u00a0\u00bb{}\u00a0\u00bb][et_pb_text _builder_version=\u00a0\u00bb4.27.4&Prime; _module_preset=\u00a0\u00bbdefault\u00a0\u00bb text_text_color=\u00a0\u00bb#FFFFFF\u00a0\u00bb text_line_height=\u00a0\u00bb2em\u00a0\u00bb header_4_text_color=\u00a0\u00bb#FFFFFF\u00a0\u00bb header_4_font_size=\u00a0\u00bb22px\u00a0\u00bb custom_padding=\u00a0\u00bb||9px|||\u00a0\u00bb global_colors_info=\u00a0\u00bb{}\u00a0\u00bb]<\/p>\n<div>\n<p class=\"gmail_quote\"><span>Une journ\u00e9e pour revenir \u00e0 ton c\u0153ur et \u00e0 ton essence lumineuse.Il existe plusieurs voies pour revenir \u00e0 soi : le corps, la respiration, la nature, l\u2019intuition\u2026Dans cet atelier, nous allons explorer ces diff\u00e9rentes voies pour t\u2019amener \u00e0 reconnecter profond\u00e9ment avec qui tu es, au-del\u00e0 du brouhaha du quotidien.\u00a0<\/span><\/p>\n<p class=\"gmail_quote\"><span>Dans le tourbillon de la vie, on a parfois tendance \u00e0 se perdre en courant dans toutes les directions. Cet atelier est une invitation \u00e0 ralentir, \u00e0 tourner ton regard vers l\u2019int\u00e9rieur et \u00e0 retrouver cet espace en toi qui est calme, doux et profond\u00e9ment align\u00e9.<\/span><\/p>\n<p class=\"gmail_quote\"><span>\u00a0<\/span><\/p>\n<h4 class=\"gmail_quote\"><span>\u00a0Ce que tu vivras :<\/span><\/h4>\n<ul>\n<li>Des pratiques de m\u00e9ditation et visualisation guid\u00e9es pour t\u2019ancrer et t\u2019apaiser.<\/li>\n<li>Des moments de danse intuitive et de respiration consciente pour lib\u00e9rer les tensions et reconnecter \u00e0 ton corps.<\/li>\n<li>Des rituels de connexion entre femmes, dans un espace bienveillant et s\u00e9curitaire.<\/li>\n<li>\n<div class=\"gmail_quote\" role=\"presentation\">Un retour \u00e0 la nature, pour te ressourcer et t\u2019inspirer.<\/div>\n<\/li>\n<\/ul>\n<p>&nbsp;<\/p>\n<h4 class=\"gmail_quote\"><span>La transformation qui t\u2019attend :<\/span><\/h4>\n<ul>\n<li>Retrouver la clart\u00e9 et la l\u00e9g\u00e8ret\u00e9 en sortant du mental.<\/li>\n<li>Te reconnecter \u00e0 tes besoins profonds et \u00e0 ton intuition.<\/li>\n<li>Laisser aller des \u00e9motions ou des blocages qui t\u2019emp\u00eachent d\u2019avancer.<\/li>\n<li>\n<div class=\"gmail_quote\" role=\"presentation\">Repartir align\u00e9e, centr\u00e9e et ressourc\u00e9e, avec une sensation de paix int\u00e9rieure.<\/div>\n<\/li>\n<\/ul>\n<p>&nbsp;<\/p>\n<p dir=\"ltr\" class=\"gmail_quote\"><span>Tu repartiras avec des outils concrets et des pratiques simples que tu pourras int\u00e9grer dans ta vie pour continuer ce retour \u00e0 toi, jour apr\u00e8s jour.<\/span><\/p>\n<p dir=\"ltr\" class=\"gmail_quote\"><span><\/span><\/p>\n<p class=\"gmail_quote\"><span>Cet atelier est pour toi si tu es dans une p\u00e9riode de transition, si tu ressens le besoin de te retrouver, ou si tu veux simplement t\u2019offrir une journ\u00e9e de douceur et de transformation.<\/span><\/p>\n<p class=\"gmail_quote\"><span><\/span><\/p>\n<p class=\"gmail_quote\"><span>Reviens \u00e0 toi. Reviens \u00e0 ton c\u0153ur. Reviens \u00e0 ton point z\u00e9ro.<\/span><\/p>\n<\/div>\n<div><\/div>\n<p>[\/et_pb_text][\/et_pb_column][et_pb_column type=\u00a0\u00bb2_5&Prime; _builder_version=\u00a0\u00bb4.20.0&Prime; _module_preset=\u00a0\u00bbdefault\u00a0\u00bb global_colors_info=\u00a0\u00bb{}\u00a0\u00bb][et_pb_text _builder_version=\u00a0\u00bb4.27.4&Prime; _module_preset=\u00a0\u00bb200df0c5-b010-42cf-9d23-29ac418b3d5c\u00a0\u00bb text_text_color=\u00a0\u00bb#FFFFFF\u00a0\u00bb text_line_height=\u00a0\u00bb2.3em\u00a0\u00bb background_color=\u00a0\u00bbgcid-36451573-9eeb-4497-a7b8-b0cbd33d77a2&Prime; custom_margin=\u00a0\u00bb28px||26px|0px|false|false\u00a0\u00bb custom_padding=\u00a0\u00bb41px||195px|25px|false|false\u00a0\u00bb border_width_all=\u00a0\u00bb1px\u00a0\u00bb border_color_all=\u00a0\u00bbgcid-body-color\u00a0\u00bb box_shadow_style=\u00a0\u00bbpreset1&Prime; box_shadow_blur=\u00a0\u00bb21px\u00a0\u00bb box_shadow_spread=\u00a0\u00bb8px\u00a0\u00bb box_shadow_color=\u00a0\u00bb#E1B777&Prime; global_colors_info=\u00a0\u00bb{%22gcid-36451573-9eeb-4497-a7b8-b0cbd33d77a2%22:%91%22background_color%22%93,%22gcid-body-color%22:%91%22border_color_all%22%93}\u00a0\u00bb]<\/p>\n<div><strong>DATE :<\/strong> Dimanche, le 26 octobre<\/div>\n<div><\/div>\n<div><strong>HEURE :<\/strong>\u00a0 10h \u00e0 17h<\/div>\n<div><\/div>\n<div><strong>LIEU :\u00a0 <\/strong>1930 Chem. de la Montagne, Luskville<br \/><strong>PRIX :<\/strong> 333$<\/div>\n<div><strong>INCLUS :<\/strong> Lunch et collation, tous les ateliers<\/div>\n<div><\/div>\n<div>\n<p><em>Seulement 15 places disponibles<br \/><\/em><\/p>\n<p>Pour toutes et tous, peu importe ton niveau<\/p>\n<p><img loading=\"lazy\" decoding=\"async\" src=\"https:\/\/institutdakini.com\/wp-content\/uploads\/2025\/08\/Classement-700-x-300-px-6-300x129.png\" width=\"175\" height=\"75\" alt=\"\" class=\"wp-image-631 alignnone size-medium\" style=\"float: left;\" \/><\/p>\n<\/div>\n<div><\/div>\n<div><\/div>\n<div><\/div>\n<p>[\/et_pb_text][et_pb_button button_url=\u00a0\u00bbhttps:\/\/marievelemay.thrivecart.com\/retour-son-innocence\/\u00a0\u00bb button_text=\u00a0\u00bbJe m&rsquo;inscris\u00a0\u00bb button_alignment=\u00a0\u00bbcenter\u00a0\u00bb _builder_version=\u00a0\u00bb4.27.4&Prime; _module_preset=\u00a0\u00bb4a700782-7208-4184-a340-7b58c30f1c45&Prime; button_text_size=\u00a0\u00bb20px\u00a0\u00bb button_text_color=\u00a0\u00bb#F9F6F0&Prime; button_bg_color=\u00a0\u00bbgcid-body-color\u00a0\u00bb button_border_width=\u00a0\u00bb2px\u00a0\u00bb button_border_color=\u00a0\u00bb#FFFFFF\u00a0\u00bb custom_margin=\u00a0\u00bb-132px|0px||-100px|false|false\u00a0\u00bb box_shadow_style=\u00a0\u00bbpreset1&Prime; box_shadow_spread=\u00a0\u00bb13px\u00a0\u00bb box_shadow_color=\u00a0\u00bb#E1B777&Prime; global_colors_info=\u00a0\u00bb{%22gcid-body-color%22:%91%22button_bg_color%22%93}\u00a0\u00bb][\/et_pb_button][\/et_pb_column][\/et_pb_row][\/et_pb_section][et_pb_section fb_built=\u00a0\u00bb1&Prime; admin_label=\u00a0\u00bbCall to Action\u00a0\u00bb _builder_version=\u00a0\u00bb4.27.4&Prime; _module_preset=\u00a0\u00bbdefault\u00a0\u00bb background_color=\u00a0\u00bbgcid-36451573-9eeb-4497-a7b8-b0cbd33d77a2&Prime; background_enable_image=\u00a0\u00bboff\u00a0\u00bb custom_padding=\u00a0\u00bb0vw||0vw||true|false\u00a0\u00bb background_last_edited=\u00a0\u00bboff|desktop\u00a0\u00bb background_position_tablet=\u00a0\u00bbcenter\u00a0\u00bb background_position_phone=\u00a0\u00bbcenter\u00a0\u00bb da_disable_devices=\u00a0\u00bboff|off|off\u00a0\u00bb collapsed=\u00a0\u00bbon\u00a0\u00bb global_colors_info=\u00a0\u00bb{%22gcid-36451573-9eeb-4497-a7b8-b0cbd33d77a2%22:%91%22background_color%22%93}\u00a0\u00bb da_is_popup=\u00a0\u00bboff\u00a0\u00bb da_exit_intent=\u00a0\u00bboff\u00a0\u00bb da_has_close=\u00a0\u00bbon\u00a0\u00bb da_alt_close=\u00a0\u00bboff\u00a0\u00bb da_dark_close=\u00a0\u00bboff\u00a0\u00bb da_not_modal=\u00a0\u00bbon\u00a0\u00bb da_is_singular=\u00a0\u00bboff\u00a0\u00bb da_with_loader=\u00a0\u00bboff\u00a0\u00bb da_has_shadow=\u00a0\u00bbon\u00a0\u00bb][et_pb_row custom_padding_last_edited=\u00a0\u00bbon|tablet\u00a0\u00bb _builder_version=\u00a0\u00bb4.27.4&Prime; _module_preset=\u00a0\u00bbdefault\u00a0\u00bb custom_margin=\u00a0\u00bb-35px|auto||auto||\u00a0\u00bb custom_padding=\u00a0\u00bb|120px||120px|false|true\u00a0\u00bb custom_padding_tablet=\u00a0\u00bb|8%||8%|false|true\u00a0\u00bb custom_padding_phone=\u00a0\u00bb||||false|false\u00a0\u00bb global_colors_info=\u00a0\u00bb{}\u00a0\u00bb][et_pb_column type=\u00a0\u00bb4_4&Prime; _builder_version=\u00a0\u00bb4.20.0&Prime; _module_preset=\u00a0\u00bbdefault\u00a0\u00bb global_colors_info=\u00a0\u00bb{}\u00a0\u00bb][et_pb_text _builder_version=\u00a0\u00bb4.27.4&Prime; _module_preset=\u00a0\u00bbdefault\u00a0\u00bb text_font=\u00a0\u00bbAlegreya SC||||||||\u00a0\u00bb text_text_color=\u00a0\u00bb#FFFFFF\u00a0\u00bb text_font_size=\u00a0\u00bb30px\u00a0\u00bb text_letter_spacing=\u00a0\u00bb2px\u00a0\u00bb text_orientation=\u00a0\u00bbcenter\u00a0\u00bb custom_margin=\u00a0\u00bb44px|||||\u00a0\u00bb global_colors_info=\u00a0\u00bb{}\u00a0\u00bb]<\/p>\n<p>Julie Leduc<\/p>\n<p>[\/et_pb_text][et_pb_text _builder_version=\u00a0\u00bb4.27.4&Prime; _module_preset=\u00a0\u00bbdefault\u00a0\u00bb text_text_color=\u00a0\u00bb#FFFFFF\u00a0\u00bb text_font_size=\u00a0\u00bb16px\u00a0\u00bb header_text_color=\u00a0\u00bb#FFFFFF\u00a0\u00bb text_orientation=\u00a0\u00bbcenter\u00a0\u00bb custom_margin=\u00a0\u00bb||50px|||\u00a0\u00bb global_colors_info=\u00a0\u00bb{}\u00a0\u00bb]<\/p>\n<p><strong>VOYAGEUSE DE BEAUT\u00c9, DE MOUVEMENT ET DE LUMI\u00c8RE<\/strong><\/p>\n<p>[\/et_pb_text][et_pb_image src=\u00a0\u00bbhttps:\/\/institutdakini.com\/wp-content\/uploads\/2025\/08\/DAKINI-Logos-website-visuals-23.png\u00a0\u00bb title_text=\u00a0\u00bb_DAKINI Logos + website visuals (23)\u00a0\u00bb align=\u00a0\u00bbcenter\u00a0\u00bb _builder_version=\u00a0\u00bb4.27.4&Prime; _module_preset=\u00a0\u00bbdefault\u00a0\u00bb custom_margin=\u00a0\u00bb28px|||||\u00a0\u00bb global_colors_info=\u00a0\u00bb{}\u00a0\u00bb][\/et_pb_image][et_pb_text _builder_version=\u00a0\u00bb4.27.4&Prime; _module_preset=\u00a0\u00bbe1dd755d-1b97-437e-8348-c8f981b50f51&Prime; text_text_color=\u00a0\u00bbgcid-body-color\u00a0\u00bb header_4_text_color=\u00a0\u00bbgcid-body-color\u00a0\u00bb header_4_font_size=\u00a0\u00bb23px\u00a0\u00bb background_color=\u00a0\u00bb#FFFFFF\u00a0\u00bb text_orientation=\u00a0\u00bbcenter\u00a0\u00bb custom_padding=\u00a0\u00bb25px|25px|25px|25px|true|true\u00a0\u00bb box_shadow_style=\u00a0\u00bbpreset1&Prime; box_shadow_color=\u00a0\u00bb#FFFFFF\u00a0\u00bb global_colors_info=\u00a0\u00bb{%22gcid-primary-color%22:%91%22quote_text_color%22%93,%22gcid-body-color%22:%91%22text_text_color%22,%22header_4_text_color%22%93}\u00a0\u00bb]<\/p>\n<p dir=\"auto\">Je suis Julie<\/p>\n<p dir=\"auto\">Voyageuse de beaut\u00e9, de mouvement et de lumi\u00e8re.<\/p>\n<p dir=\"auto\">Par le toucher, la danse, la nature, \u00a0j\u2019accompagne les femmes \u00e0 revenir vers elles-m\u00eames.<\/p>\n<p dir=\"auto\">\u00c0 travers mon travail, j\u2019offre un espace pour que chacun se reconnecte \u00e0 soi-m\u00eame :<\/p>\n<p><strong>Ressentir l\u2019\u00e9clat dans son corps<\/strong><\/p>\n<p><strong>Se mouvoir avec libert\u00e9<\/strong><\/p>\n<p><strong>Vivre en harmonie<\/strong><\/p>\n<p dir=\"auto\"><strong>C\u2019est ma mission : <\/strong>Marcher aux c\u00f4t\u00e9s des femmes pendant qu\u2019elles red\u00e9couvrent leur lumi\u00e8re int\u00e9rieure.<\/p>\n<p>[\/et_pb_text][\/et_pb_column][\/et_pb_row][\/et_pb_section]<\/p>\n","protected":false},"excerpt":{"rendered":"<p>Dimanche, 26 octobreLes Voies du Retour \u00e0 Soi\u00a0 Une journ\u00e9e pour revenir \u00e0 ton c\u0153ur et \u00e0 ton essence lumineuse.Il existe plusieurs voies pour revenir \u00e0 soi : le corps, la respiration, la nature, l\u2019intuition\u2026Dans cet atelier, nous allons explorer ces diff\u00e9rentes voies pour t\u2019amener \u00e0 reconnecter profond\u00e9ment avec qui tu es, au-del\u00e0 du brouhaha [&hellip;]<\/p>\n","protected":false},"author":1,"featured_media":0,"parent":0,"menu_order":0,"comment_status":"closed","ping_status":"closed","template":"","meta":{"_et_pb_use_builder":"on","_et_pb_old_content":"","_et_gb_content_width":"","footnotes":""},"class_list":["post-441","page","type-page","status-publish","hentry"],"_links":{"self":[{"href":"https:\/\/institutdakini.com\/en\/wp-json\/wp\/v2\/pages\/441","targetHints":{"allow":["GET"]}}],"collection":[{"href":"https:\/\/institutdakini.com\/en\/wp-json\/wp\/v2\/pages"}],"about":[{"href":"https:\/\/institutdakini.com\/en\/wp-json\/wp\/v2\/types\/page"}],"author":[{"embeddable":true,"href":"https:\/\/institutdakini.com\/en\/wp-json\/wp\/v2\/users\/1"}],"replies":[{"embeddable":true,"href":"https:\/\/institutdakini.com\/en\/wp-json\/wp\/v2\/comments?post=441"}],"version-history":[{"count":2,"href":"https:\/\/institutdakini.com\/en\/wp-json\/wp\/v2\/pages\/441\/revisions"}],"predecessor-version":[{"id":965,"href":"https:\/\/institutdakini.com\/en\/wp-json\/wp\/v2\/pages\/441\/revisions\/965"}],"wp:attachment":[{"href":"https:\/\/institutdakini.com\/en\/wp-json\/wp\/v2\/media?parent=441"}],"curies":[{"name":"wp","href":"https:\/\/api.w.org\/{rel}","templated":true}]}}